{"id":1360,"date":"2025-04-03T16:47:18","date_gmt":"2025-04-03T15:47:18","guid":{"rendered":"https:\/\/energiabulegoa.debagoiena.eus\/energia-bulegoa\/oficina-de-asesoramiento\/subvenciones\/bonos-sociales\/"},"modified":"2025-05-07T13:08:29","modified_gmt":"2025-05-07T12:08:29","slug":"bonos-sociales","status":"publish","type":"page","link":"https:\/\/energiabulegoa.debagoiena.eus\/es\/energia-bulegoa\/oficina-de-asesoramiento\/subvenciones\/bonos-sociales\/","title":{"rendered":"BONOS SOCIALES"},"content":{"rendered":"\n<details class=\"wp-block-details is-layout-flow wp-block-details-is-layout-flow\" style=\"margin-top:0;margin-bottom:0;padding-top:0;padding-right:var(--wp--preset--spacing--30);padding-bottom:0;padding-left:var(--wp--preset--spacing--30)\"><summary><strong>BONU SOZIAL ELEKTRIKOA<\/strong><br>Bonu sozial elektrikoa, argindar fakturan ezartzen den deskontu bat da, baldintza batzuk betetzen dituzten herritarrentzat.<\/summary>\n<p><strong><a href=\"https:\/\/www.miteco.gob.es\/es\/energia\/energia-electrica\/bono-social\/requisitos.html\" target=\"_blank\" rel=\"noreferrer noopener\">\u00c9stos<\/a> son los requisitos:<\/strong><\/p>\n\n\n\n<ul class=\"wp-block-list\">\n<li>Tener contrato de Precio Voluntario de Peque\u00f1o Consumidor (KTBP\/PVPC) con comercializadoras reguladas, en la vivienda <strong>habitual<\/strong><\/li>\n\n\n\n<li><span style=\"text-decoration: underline;\">Estar en situaci\u00f3n de vulnerabilidad:<\/span> personas con renta baja, perceptores de pensi\u00f3n m\u00ednima, familias numerosas, beneficiarios del Ingreso M\u00ednimo Vital\n<ul class=\"wp-block-list\">\n<li>Condiciones especiales (seg\u00fan nivel de renta): discapacidad (&gt; = 33%), dependencia, monoparentalidad&#8230;<\/li>\n<\/ul>\n<\/li>\n\n\n\n<li><span style=\"text-decoration: underline;\">Estar en situaci\u00f3n de vulnerabilidad:<\/span> personas con renta baja, perceptoras de pensi\u00f3n m\u00ednima, familias numerosas, personas beneficiarias del Ingreso M\u00ednimo Vital<\/li>\n\n\n\n<li><span style=\"text-decoration: underline;\">Estar en situaci\u00f3n de vulnerabilidad grave:<\/span> personas con rentas inferiores al 50% de las personas en situaci\u00f3n de vulnerabilidad<\/li>\n\n\n\n<li><span style=\"text-decoration: underline;\">Poblaci\u00f3n en situaci\u00f3n de exclusi\u00f3n:<\/span> es aquella que, adem\u00e1s de encontrarse en una situaci\u00f3n grave de vulnerabilidad, tiene financiado el 50% de la factura del PVPC atendida por los Servicios Sociales (no se le podr\u00e1 suspender suministro el\u00e9ctrico)<\/li>\n<\/ul>\n<\/details>\n\n<hr class=\"wp-block-separator has-alpha-channel-opacity\"\/>\n\n<details class=\"wp-block-details is-layout-flow wp-block-details-is-layout-flow\" style=\"margin-top:var(--wp--preset--spacing--30);margin-bottom:var(--wp--preset--spacing--30);padding-top:0;padding-right:var(--wp--preset--spacing--30);padding-bottom:0;padding-left:var(--wp--preset--spacing--30)\"><summary><strong>BONU SOZIAL TERMIKOA<\/strong><br>Espainiar gobernuak eskaintzen duen laguntza ekonomiko bat da, bonu sozial elektrikoa duten herritarrei zuzenean igortzen zaie, ez dago eskatu beharrik. Kokapen geografikoaren (Debagoienari dagokiona) eta eskatzailearen kalteberatasunaren arabera ematen da.<\/summary>\n<figure class=\"wp-block-table aligncenter is-style-stripes\"><table class=\"has-fixed-layout\"><thead><tr><th class=\"has-text-align-center\" data-align=\"center\"><strong><mark class=\"has-inline-color has-tertiary-color\" style=\"background-color: rgba(0, 0, 0, 0);\">Zona clim\u00e1tica<\/mark><\/strong><\/th><th class=\"has-text-align-center\" data-align=\"center\"><strong><mark class=\"has-inline-color has-tertiary-color\" style=\"background-color: rgba(0, 0, 0, 0);\">En situaci\u00f3n de vulnerabilidad<\/mark><\/strong><\/th><th class=\"has-text-align-center\" data-align=\"center\"><strong><mark class=\"has-inline-color has-tertiary-color\" style=\"background-color: rgba(0, 0, 0, 0);\">En situaci\u00f3n de vulnerabilidad grave<\/mark><\/strong><\/th><th class=\"has-text-align-center\" data-align=\"center\"><strong><mark class=\"has-inline-color has-tertiary-color\" style=\"background-color: rgba(0, 0, 0, 0);\">En situaci\u00f3n de riesgo de exclusi\u00f3n social<\/mark><\/strong><\/th><\/tr><\/thead><tbody><tr><td class=\"has-text-align-center\" data-align=\"center\"><strong><mark class=\"has-inline-color has-tertiary-color\" style=\"background-color: rgba(0, 0, 0, 0);\">Alfa<\/mark><\/strong><\/td><td class=\"has-text-align-center\" data-align=\"center\">35 \u20ac<\/td><td class=\"has-text-align-center\" data-align=\"center\">56 \u20ac<\/td><td class=\"has-text-align-center\" data-align=\"center\">56 \u20ac<\/td><\/tr><tr><td class=\"has-text-align-center\" data-align=\"center\"><strong><mark class=\"has-inline-color has-tertiary-color\" style=\"background-color: rgba(0, 0, 0, 0);\">A<\/mark><\/strong><\/td><td class=\"has-text-align-center\" data-align=\"center\">50,10 \u20ac<\/td><td class=\"has-text-align-center\" data-align=\"center\">80,16 \u20ac<\/td><td class=\"has-text-align-center\" data-align=\"center\">80,16 \u20ac<\/td><\/tr><tr><td class=\"has-text-align-center\" data-align=\"center\"><strong><mark class=\"has-inline-color has-tertiary-color\" style=\"background-color: rgba(0, 0, 0, 0);\">B<\/mark><\/strong><\/td><td class=\"has-text-align-center\" data-align=\"center\">82,92 \u20ac<\/td><td class=\"has-text-align-center\" data-align=\"center\">132,67 \u20ac<\/td><td class=\"has-text-align-center\" data-align=\"center\">132,67 \u20ac<\/td><\/tr><tr><td class=\"has-text-align-center\" data-align=\"center\"><strong><mark class=\"has-inline-color has-tertiary-color\" style=\"background-color: rgba(0, 0, 0, 0);\">C<\/mark><\/strong><\/td><td class=\"has-text-align-center\" data-align=\"center\">128,86 \u20ac<\/td><td class=\"has-text-align-center\" data-align=\"center\">206,18 \u20ac<\/td><td class=\"has-text-align-center\" data-align=\"center\">206,18 \u20ac<\/td><\/tr><tr><td class=\"has-text-align-center\" data-align=\"center\"><strong><mark class=\"has-inline-color has-primary-color\" style=\"background-color: rgba(0, 0, 0, 0);\">D<\/mark><\/strong><\/td><td class=\"has-text-align-center\" data-align=\"center\"><mark class=\"has-inline-color has-primary-color\" style=\"background-color: rgba(0, 0, 0, 0);\">195,82 \u20ac<\/mark><\/td><td class=\"has-text-align-center\" data-align=\"center\"><mark class=\"has-inline-color has-primary-color\" style=\"background-color: rgba(0, 0, 0, 0);\">313,30 \u20ac<\/mark><\/td><td class=\"has-text-align-center\" data-align=\"center\"><mark class=\"has-inline-color has-primary-color\" style=\"background-color: rgba(0, 0, 0, 0);\">313,30 \u20ac<\/mark><\/td><\/tr><tr><td class=\"has-text-align-center\" data-align=\"center\"><strong><mark class=\"has-inline-color has-primary-color\" style=\"background-color: rgba(0, 0, 0, 0);\">E<\/mark><\/strong><\/td><td class=\"has-text-align-center\" data-align=\"center\"><mark class=\"has-inline-color has-primary-color\" style=\"background-color: rgba(0, 0, 0, 0);\">233,23 \u20ac<\/mark><\/td><td class=\"has-text-align-center\" data-align=\"center\"><mark class=\"has-inline-color has-primary-color\" style=\"background-color: rgba(0, 0, 0, 0);\">373,17 \u20ac<\/mark><\/td><td class=\"has-text-align-center\" data-align=\"center\"><mark class=\"has-inline-color has-primary-color\" style=\"background-color: rgba(0, 0, 0, 0);\">373,17 \u20ac<\/mark><\/td><\/tr><\/tbody><\/table><\/figure>\n\n\n\n<p>Zona clim\u00e1tica correspondiente a los municipios del Alto Deba:<\/p>\n\n\n\n<ul class=\"wp-block-list\">\n<li><mark class=\"has-inline-color has-primary-color\" style=\"background-color: rgba(0, 0, 0, 0);\"><strong>A los municipios de Gipuzkoa en altitudes de hasta 400 m les corresponde<span style=\"text-decoration: underline;\">la zona clim\u00e1tica D<\/span> :<\/strong><\/mark> a Bergara (157 m), a Antzuola (253 m), a O\u00f1ati (242 m), a Arrasate (213 m), a Aretxabaleta (245 m) y a Eskoriatza (286 m).<\/li>\n\n\n\n<li><mark class=\"has-inline-color has-primary-color\" style=\"background-color: rgba(0, 0, 0, 0);\"><strong>A los municipios de Gipuzkoa en altitudes superiores a 400 m les corresponde<span style=\"text-decoration: underline;\">la zona clim\u00e1tica E<\/span> :<\/strong><\/mark> a Elgeta (471 m).<\/li>\n<\/ul>\n<\/details>\n","protected":false},"excerpt":{"rendered":"","protected":false},"author":4,"featured_media":0,"parent":202,"menu_order":0,"comment_status":"closed","ping_status":"closed","template":"","meta":{"footnotes":""},"class_list":["post-1360","page","type-page","status-publish","hentry"],"_links":{"self":[{"href":"https:\/\/energiabulegoa.debagoiena.eus\/es\/wp-json\/wp\/v2\/pages\/1360","targetHints":{"allow":["GET"]}}],"collection":[{"href":"https:\/\/energiabulegoa.debagoiena.eus\/es\/wp-json\/wp\/v2\/pages"}],"about":[{"href":"https:\/\/energiabulegoa.debagoiena.eus\/es\/wp-json\/wp\/v2\/types\/page"}],"author":[{"embeddable":true,"href":"https:\/\/energiabulegoa.debagoiena.eus\/es\/wp-json\/wp\/v2\/users\/4"}],"replies":[{"embeddable":true,"href":"https:\/\/energiabulegoa.debagoiena.eus\/es\/wp-json\/wp\/v2\/comments?post=1360"}],"version-history":[{"count":19,"href":"https:\/\/energiabulegoa.debagoiena.eus\/es\/wp-json\/wp\/v2\/pages\/1360\/revisions"}],"predecessor-version":[{"id":1777,"href":"https:\/\/energiabulegoa.debagoiena.eus\/es\/wp-json\/wp\/v2\/pages\/1360\/revisions\/1777"}],"up":[{"embeddable":true,"href":"https:\/\/energiabulegoa.debagoiena.eus\/es\/wp-json\/wp\/v2\/pages\/202"}],"wp:attachment":[{"href":"https:\/\/energiabulegoa.debagoiena.eus\/es\/wp-json\/wp\/v2\/media?parent=1360"}],"curies":[{"name":"wp","href":"https:\/\/api.w.org\/{rel}","templated":true}]}}