{"id":1473,"date":"2025-04-10T16:44:40","date_gmt":"2025-04-10T15:44:40","guid":{"rendered":"https:\/\/energiabulegoa.debagoiena.eus\/sede-electronica-tramites-ayudas-becas-y-subvenciones-subvenciones-en-especie-para-fomentar-la-constitucion-de-comunidades-energeticas-en-municipios-de-menos-de-10-000-habitantes\/"},"modified":"2025-04-29T15:29:51","modified_gmt":"2025-04-29T14:29:51","slug":"sede-electronica-tramites-ayudas-becas-y-subvenciones-subvenciones-en-especie-para-fomentar-la-constitucion-de-comunidades-energeticas-en-municipios-de-menos-de-10-000-habitantes","status":"publish","type":"page","link":"https:\/\/energiabulegoa.debagoiena.eus\/es\/energia-bulegoa\/oficina-de-asesoramiento\/subvenciones\/otras-subvenciones\/subvenciones-de-la-diputacion-foral-de-gipuzkoa\/sede-electronica-tramites-ayudas-becas-y-subvenciones-subvenciones-en-especie-para-fomentar-la-constitucion-de-comunidades-energeticas-en-municipios-de-menos-de-10-000-habitantes\/","title":{"rendered":"Subvenciones en especie para fomentar la constituci\u00f3n de comunidades energ\u00e9ticas en municipios de menos de 10.000 habitantes"},"content":{"rendered":"\n<p><a href=\"https:\/\/egoitza.gipuzkoa.eus\/es\/subvenciones?p_p_id=Subvenciones_WAR_LEEsubvencionesportlet&amp;p_p_lifecycle=0&amp;p_p_state=normal&amp;p_p_mode=view&amp;_Subvenciones_WAR_LEEsubvencionesportlet_deptoserv=5&amp;_Subvenciones_WAR_LEEsubvencionesportlet_cserv=MABE09&amp;_Subvenciones_WAR_LEEsubvencionesportlet_myaction=detalle&amp;_Subvenciones_WAR_LEEsubvencionesportlet_idMateria=MEAM&amp;_Subvenciones_WAR_LEEsubvencionesportlet_isAvanzada=false&amp;_Subvenciones_WAR_LEEsubvencionesportlet_d-7690214-p=1&amp;_Subvenciones_WAR_LEEsubvencionesportlet_ejercicioserv=2025&amp;_Subvenciones_WAR_LEEsubvencionesportlet_ejercicio=2025\" data-type=\"link\" data-id=\"https:\/\/egoitza.gipuzkoa.eus\/es\/subvenciones?p_p_id=Subvenciones_WAR_LEEsubvencionesportlet&amp;p_p_lifecycle=0&amp;p_p_state=normal&amp;p_p_mode=view&amp;_Subvenciones_WAR_LEEsubvencionesportlet_deptoserv=5&amp;_Subvenciones_WAR_LEEsubvencionesportlet_cserv=MABE09&amp;_Subvenciones_WAR_LEEsubvencionesportlet_myaction=detalle&amp;_Subvenciones_WAR_LEEsubvencionesportlet_idMateria=MEAM&amp;_Subvenciones_WAR_LEEsubvencionesportlet_isAvanzada=false&amp;_Subvenciones_WAR_LEEsubvencionesportlet_d-7690214-p=1&amp;_Subvenciones_WAR_LEEsubvencionesportlet_ejercicioserv=2025&amp;_Subvenciones_WAR_LEEsubvencionesportlet_ejercicio=2025\" target=\"_blank\" rel=\"noreferrer noopener\">DFG &#8211; MEDIO AMBIENTE<\/a> &#8211; Implantaci\u00f3n en municipios de menos de 10.000 habitantes de instalaciones solares fotovoltaicas en cubiertas municipales y\/o de propiedad privada en r\u00e9gimen de autoconsumo colectivo ligadas a comunidades energ\u00e9ticas.<\/p>\n\n<details class=\"wp-block-details has-background is-layout-flow wp-block-details-is-layout-flow\" style=\"background-color:#e1e1e1;margin-top:var(--wp--preset--spacing--30);margin-bottom:var(--wp--preset--spacing--30);padding-top:var(--wp--preset--spacing--30);padding-right:var(--wp--preset--spacing--30);padding-bottom:var(--wp--preset--spacing--30);padding-left:var(--wp--preset--spacing--30)\"><summary><strong>DESCRIPCI\u00d3N Y CONCEPTOS SUBVENCIONABLES<\/strong><\/summary>\n<p>Subvenciones en especie, a trav\u00e9s de concurrencia competitiva, dirigidas a ayuntamientos de menos de 10.000 habitantes y a entidades locales menores del Territorio Hist\u00f3rico de Gipuzkoa de cara a que la Direcci\u00f3n General de Transici\u00f3n Ecol\u00f3gica realice y lleve a cabo, dentro del ejercicio econ\u00f3mico del a\u00f1o 2025, el dise\u00f1o y ejecuci\u00f3n de las instalaciones solares fotovoltaicas que aquellos soliciten a esta convocatoria.<\/p>\n\n\n\n<p>En cualquier caso, <mark style=\"background-color:rgba(0, 0, 0, 0)\" class=\"has-inline-color has-primary-color\">se otorgar\u00e1 prioridad a aquellas solicitudes de municipios que no cuenten con ninguna comunidad energ\u00e9tica local ciudadana<\/mark>.<\/p>\n\n\n\n<p>Estas instalaciones solares fotovoltaicas <mark style=\"background-color:rgba(0, 0, 0, 0)\" class=\"has-inline-color has-primary-color\">podr\u00e1n ubicarse en cubiertas municipales <span style=\"text-decoration: underline;\">y\/o de propiedad privada<\/span><\/mark>, debiendo ser su objetivo abastecer, en r\u00e9gimen de autoconsumo colectivo, a la comunidad energ\u00e9tica local, a cuya creaci\u00f3n se comprometer\u00e1 el solicitante.<\/p>\n\n\n\n<p><mark style=\"background-color:rgba(0, 0, 0, 0)\" class=\"has-inline-color has-primary-color\">La Direcci\u00f3n General de Transici\u00f3n Ecol\u00f3gica proceder\u00e1 a la licitaci\u00f3n del proyecto de ejecuci\u00f3n correspondiente y asumir\u00e1 interna o externamente la direcci\u00f3n de obra<\/mark>, llevandola a cabo colaborativamente con las entidades beneficiarias las actuaciones que hayan sido seleccionadas.<\/p>\n<\/details>\n\n<details class=\"wp-block-details has-background is-layout-flow wp-block-details-is-layout-flow\" style=\"background-color:#e1e1e1;margin-top:var(--wp--preset--spacing--30);margin-bottom:var(--wp--preset--spacing--30);padding-top:var(--wp--preset--spacing--30);padding-right:var(--wp--preset--spacing--30);padding-bottom:var(--wp--preset--spacing--30);padding-left:var(--wp--preset--spacing--30)\"><summary><strong>CUANT\u00cdA DE LAS AYUDAS<\/strong><\/summary>\n<p>La cuant\u00eda total de las subvenciones a conceder en esta convocatoria ser\u00e1 de 481.500,00 euros.<\/p>\n<\/details>\n\n<details class=\"wp-block-details has-background is-layout-flow wp-block-details-is-layout-flow\" style=\"background-color:#e1e1e1;margin-top:var(--wp--preset--spacing--30);margin-bottom:var(--wp--preset--spacing--30);padding-top:var(--wp--preset--spacing--30);padding-right:var(--wp--preset--spacing--30);padding-bottom:var(--wp--preset--spacing--30);padding-left:var(--wp--preset--spacing--30)\"><summary><strong>DESTINATARIOS\/AS<\/strong><\/summary>\n<p>Ayuntamientos y Entidades Locales menores de menos de 10.000 habitantes.<\/p>\n<\/details>\n\n<details class=\"wp-block-details has-background is-layout-flow wp-block-details-is-layout-flow\" style=\"background-color:#e1e1e1;margin-top:var(--wp--preset--spacing--30);margin-bottom:var(--wp--preset--spacing--30);padding-top:var(--wp--preset--spacing--30);padding-right:var(--wp--preset--spacing--30);padding-bottom:var(--wp--preset--spacing--30);padding-left:var(--wp--preset--spacing--30)\"><summary><strong>REQUISITOS<\/strong><\/summary>\n<details class=\"wp-block-details is-layout-flow wp-block-details-is-layout-flow\"><summary>Diruz lagundutako ekimenek jarraian zehazten diren irizpideak bete beharko dituzte:&nbsp;&nbsp;<\/summary>\n<p>\u2022 La entidad solicitante deber\u00e1 comprometerse a constituir una comunidad energ\u00e9tica local, que deber\u00e1 estar creada para cuando las instalaciones de generaci\u00f3n fotovoltaica se legalicen.<\/p>\n\n\n\n<p>\u2022 <mark style=\"background-color:rgba(0, 0, 0, 0)\" class=\"has-inline-color has-primary-color\">Las cubiertas en las que se ubicar\u00e1n las instalaciones solares fotovoltaicas podr\u00e1n ser<\/mark> tanto de los edificios de propiedad municipal <mark style=\"background-color:rgba(0, 0, 0, 0)\" class=\"has-inline-color has-primary-color\">tanto de edificios de propiedad privada, en cuyo caso, deber\u00e1 presentarse junto con la solicitud el acuerdo celebrado entre las partes para que dichas cubiertas sean utilizadas para la colocaci\u00f3n de las instalaciones. Dicho acuerdo, deber\u00e1 de tener un periodo de duraci\u00f3n m\u00ednima de 20 a\u00f1os<\/mark>.\u00a0<\/p>\n\n\n\n<p>\u2022 Las cubiertas de los edificios <mark style=\"background-color:rgba(0, 0, 0, 0)\" class=\"has-inline-color has-primary-color\">de propiedad municipal propuestos para la subvenci\u00f3n ser\u00e1n cedidas a la Diputaci\u00f3n Foral de Gipuzkoa para su uso durante cinco a\u00f1os<\/mark>.<\/p>\n\n\n\n<p>\u2022 Ser\u00e1n descartadas aquellas instalaciones que, por razones t\u00e9cnicas, no se consideren viables por la Direcci\u00f3n General de Transici\u00f3n Ecol\u00f3gica.<\/p>\n\n\n\n<p>\u2022 Las instalaciones solares fotovoltaicas, ser\u00e1n ejecutadas en la modalidad \u201cllave en mano\u201d, incluyendo el proyecto de ejecuci\u00f3n o memoria t\u00e9cnica, el suministro de equipos y materiales, la instalaci\u00f3n, monitorizaci\u00f3n, la tramitaci\u00f3n administrativa y la puesta en funcionamiento de la instalaci\u00f3n.<\/p>\n\n\n\n<p>\u2022 El ayuntamiento o la entidad local menor deber\u00e1 otorgar las autorizaciones municipales necesarias para ejecutar las citadas instalaciones asumiendo el coste que pueda derivarse de los mismos.<\/p>\n\n\n\n<p>\u2022 <mark style=\"background-color:rgba(0, 0, 0, 0)\" class=\"has-inline-color has-primary-color\">Una vez ejecutadas y puestas en funcionamiento, las instalaciones estas en todo caso tendr\u00e1n car\u00e1cter de bien demanial de titularidad municipal, siendo su titular el ayuntamiento o la entidad local menor correspondiente<\/mark>.\u00a0<\/p>\n\n\n\n<p>\u2022 El Ayuntamiento o la entidad local menor ceder\u00e1 en favor de la comunidad energ\u00e9tica local la explotaci\u00f3n de las instalaciones y la energ\u00eda que se genere en las mismas por un plazo no inferior a 20 a\u00f1os, <mark style=\"background-color:rgba(0, 0, 0, 0)\" class=\"has-inline-color has-primary-color\">debiendo asumir la comunidad el coste de mantenimiento y la responsabilidad de las mismas<\/mark>. A tal fin, la explotaci\u00f3n de las instalaciones y, en consecuencia, la energ\u00eda que se genere por las mismas ser\u00e1 objeto de concesi\u00f3n administrativa con canon gratuito en favor de la comunidad energ\u00e9tica local, sin perjuicio de las obligaciones fiscales tanto materiales como formales aplicables de acuerdo con la normativa vigente en cada momento, que la comunidad energ\u00e9tica local deber\u00e1 asumir en la distribuci\u00f3n de energ\u00eda entre sus asociados.<\/p>\n\n\n\n<p>\u2022 El ayuntamiento o la entidad local menor formar\u00e1 parte de la comunidad energ\u00e9tica local que se constituya en el municipio y participar\u00e1 activamente en su creaci\u00f3n.<\/p>\n\n\n\n<p>\u2022 Tanto la gesti\u00f3n de la comunidad energ\u00e9tica local como el mantenimiento de las instalaciones fotovoltaicas ser\u00e1 responsabilidad bien de la entidad solicitante, bien de la comunidad energ\u00e9tica local constituida.  <\/p>\n\n\n\n<p>\u2022 Las instalaciones deber\u00e1n acogerse a la modalidad de autoconsumo colectivo con excedentes con compensaci\u00f3n. <\/p>\n\n\n\n<p>\u2022 Las comunidades energ\u00e9ticas locales que se constituyan ser\u00e1n entidades sin \u00e1nimo de lucro basadas en la participaci\u00f3n abierta y voluntaria de ciudadanas y ciudadanos y comerciantes (empresaria\/o individual) del municipio, y tendr\u00e1n como finalidad primordial proporcionar beneficios medioambientales, econ\u00f3micos y sociales a sus miembros, en lugar de ganancias financieras. Participar\u00e1 en las mismas el ayuntamiento o la entidad local menor y se valorar\u00e1 la incorporaci\u00f3n de criterios espec\u00edficos relacionados con la pobreza o vulnerabilidad energ\u00e9tica y con la igualdad de g\u00e9nero. <\/p>\n<\/details>\n<\/details>\n\n<details class=\"wp-block-details has-background is-layout-flow wp-block-details-is-layout-flow\" style=\"background-color:#e1e1e1;margin-top:var(--wp--preset--spacing--30);margin-bottom:var(--wp--preset--spacing--30);padding-top:var(--wp--preset--spacing--30);padding-right:var(--wp--preset--spacing--30);padding-bottom:var(--wp--preset--spacing--30);padding-left:var(--wp--preset--spacing--30)\"><summary><strong>DOCUMENTACI\u00d3N A PRESENTAR<\/strong><\/summary>\n<p>a) Una descripci\u00f3n detallada sobre las actuaciones a realizar en relaci\u00f3n a la creaci\u00f3n de las comunidades energ\u00e9ticas y a la ejecuci\u00f3n de las instalaciones fotovoltaicas. Para ello, se deber\u00e1 cumplimentar el formulario que se facilita en el Anexo V.<\/p>\n\n\n\n<p>b) Documento acreditativo de la propiedad o de la disponibilidad de la o las cubiertas y, en su caso, copia de las autorizaciones o concesiones administrativas que se precisen para la instalaci\u00f3n de los paneles fotovoltaicos. En el caso de ser cubiertas de titularidad privada, acuerdo celebrado entre las partes para que dichas cubiertas sean utilizadas para la colocaci\u00f3n de las instalaciones. Dicho acuerdo, deber\u00e1 de tener un periodo de duraci\u00f3n m\u00ednima de 20 a\u00f1os y deber\u00e1 recoger expresamente que ser\u00e1 la Direcci\u00f3n General de Transici\u00f3n Ecol\u00f3gica de la DFG quien ejecute las obras de instalaci\u00f3n, para lo cual contar\u00e1 con la autorizaci\u00f3n del propietario.<\/p>\n\n\n\n<p>c) Documento acreditativo de que dichas cubiertas son compatibles con lo dispuesto en la normativa de planeamiento municipal correspondiente y de que se consideran aptas para acoger una instalaci\u00f3n fotovoltaica en base a su capacidad portante y estado de conservaci\u00f3n.<\/p>\n\n\n\n<p>d) Acuerdo municipal o de la entidad local menor en el cual se aprueba llevar a cabo el proyecto seg\u00fan la documentaci\u00f3n presentada, comprometi\u00e9ndose a la constituci\u00f3n de una comunidad energ\u00e9tica, as\u00ed como a que el uso de la energ\u00eda generada por las instalaciones se realice en r\u00e9gimen de autoconsumo colectivo acogido a compensaci\u00f3n de excedentes por parte de la comunidad energ\u00e9tica local constituida, y la expresi\u00f3n de que se asume la realizaci\u00f3n y legalizaci\u00f3n de la instalaci\u00f3n por parte de la Direcci\u00f3n General de Transici\u00f3n Ecol\u00f3gica.<\/p>\n\n\n\n<p>e) Declaraci\u00f3n responsable de no concurrir en la entidad solicitante ninguna causa impeditiva de la condici\u00f3n de beneficiaria de las indicadas en el art\u00edculo 12 de la Norma Foral 3\/2007, de 27 de marzo, de subvenciones del Territorio Hist\u00f3rico de Gipuzkoa, en el art. 21 bis 2) de la Ley 4\/2005, de 18 de febrero, para la Igualdad de Mujeres y Hombres, as\u00ed como de encontrarse al corriente en el cumplimiento de sus obligaciones tributarias y frente a la Seguridad Social. La justificaci\u00f3n por parte de las entidades de no estar incursas en las prohibiciones para obtener la condici\u00f3n de entidad beneficiaria podr\u00e1 realizarse mediante declaraci\u00f3n responsable.<\/p>\n\n\n\n<p>f) El compromiso de que la documentaci\u00f3n, publicidad, imagen o materiales, emplear\u00e1n un uso no sexista del lenguaje, evitando cualquier imagen discriminatoria de las mujeres o estereotipos sexistas y se fomentar\u00e1 una imagen con valores de igualdad, presencia equilibrada, diversidad, corresponsabilidad y pluralidad de roles e identidades de g\u00e9nero (Anexo IV).<\/p>\n\n\n\n<p>g) Se aportar\u00e1, en su caso, la documentaci\u00f3n que acredite el cumplimiento del criterio de valoraci\u00f3n establecido en la Base 7\u00aa reguladora de la subvenci\u00f3n, en relaci\u00f3n con la perspectiva de g\u00e9nero (Anexo IV).<\/p>\n\n\n\n<p>h) Del mismo modo, se aportar\u00e1, la documentaci\u00f3n que acredite el cumplimiento del criterio de valoraci\u00f3n establecido en la Base 7\u00aa reguladora de la subvenci\u00f3n en relaci\u00f3n a la incorporaci\u00f3n de criterios espec\u00edficos relacionados con la pobreza o vulnerabilidad energ\u00e9tica en la zona de influencia de la comunidad energ\u00e9tica (Anexo IV).<\/p>\n\n\n\n<p>i) Cualquier otra documentaci\u00f3n que la entidad solicitante considere de inter\u00e9s presentar en apoyo de su petici\u00f3n, que guarde relaci\u00f3n con los objetivos, las prioridades o criterios se\u00f1alados en estas bases reguladoras.<\/p>\n<\/details>\n\n<details class=\"wp-block-details has-background is-layout-flow wp-block-details-is-layout-flow\" style=\"background-color:#e1e1e1;margin-top:var(--wp--preset--spacing--30);margin-bottom:var(--wp--preset--spacing--30);padding-top:var(--wp--preset--spacing--30);padding-right:var(--wp--preset--spacing--30);padding-bottom:var(--wp--preset--spacing--30);padding-left:var(--wp--preset--spacing--30)\"><summary><strong>PLAZO DE PRESENTACI\u00d3N DE SOLICITUDES<\/strong><\/summary>\n<p>El plazo de presentaci\u00f3n de solicitudes ser\u00e1 de 20 d\u00edas h\u00e1biles contados a partir del d\u00eda siguiente al de la publicaci\u00f3n de la convocatoria en el Bolet\u00edn Oficial de Gipuzkoa.<\/p>\n<\/details>\n\n<details class=\"wp-block-details has-background is-layout-flow wp-block-details-is-layout-flow\" style=\"background-color:#e1e1e1;margin-top:var(--wp--preset--spacing--30);margin-bottom:var(--wp--preset--spacing--30);padding-top:var(--wp--preset--spacing--30);padding-right:var(--wp--preset--spacing--30);padding-bottom:var(--wp--preset--spacing--30);padding-left:var(--wp--preset--spacing--30)\"><summary><strong>LUGAR DE PRESENTACI\u00d3N DE SOLICITUDES<\/strong><\/summary>\n<p>Las solicitudes se presentar\u00e1n obligatoriamente v\u00eda Internet, a trav\u00e9s de la sede electr\u00f3nica de la Diputaci\u00f3n Foral de Gipuzkoa (<a href=\"https:\/\/egoitza.gipuzkoa.eus\/es\/inicio\" data-type=\"link\" data-id=\"https:\/\/egoitza.gipuzkoa.eus\/es\/inicio\" target=\"_blank\" rel=\"noreferrer noopener\">https:\/\/egoitza.gipuzkoa.eus<\/a>), en la que se acceder\u00e1 al portal de subvenciones y se cumplimentar\u00e1 el formulario espec\u00edfico habilitado a tal efecto, utilizando la firma electr\u00f3nica o la clave operativa correspondiente.<\/p>\n<\/details>\n\n<details class=\"wp-block-details has-background is-layout-flow wp-block-details-is-layout-flow\" style=\"background-color:#e1e1e1;margin-top:var(--wp--preset--spacing--30);margin-bottom:var(--wp--preset--spacing--30);padding-top:var(--wp--preset--spacing--30);padding-right:var(--wp--preset--spacing--30);padding-bottom:var(--wp--preset--spacing--30);padding-left:var(--wp--preset--spacing--30)\"><summary><strong>PLAZO DE RESOLUCI\u00d3N<\/strong><\/summary>\n<p>El plazo m\u00e1ximo para dictar y publicar o notificar la resoluci\u00f3n que corresponda ser\u00e1 de dos meses computados a partir de la finalizaci\u00f3n del plazo de presentaci\u00f3n de solicitudes.<\/p>\n<\/details>\n\n<details class=\"wp-block-details has-background is-layout-flow wp-block-details-is-layout-flow\" style=\"background-color:#e1e1e1;margin-top:var(--wp--preset--spacing--30);margin-bottom:var(--wp--preset--spacing--30);padding-top:var(--wp--preset--spacing--30);padding-right:var(--wp--preset--spacing--30);padding-bottom:var(--wp--preset--spacing--30);padding-left:var(--wp--preset--spacing--30)\"><summary><strong>DOCUMENTACI\u00d3N A RECIBIR<\/strong><\/summary>\n<p>La resoluci\u00f3n ser\u00e1 objeto de publicaci\u00f3n en el Bolet\u00edn Oficial de Gipuzkoa.<\/p>\n<\/details>\n\n<details class=\"wp-block-details has-background is-layout-flow wp-block-details-is-layout-flow\" style=\"background-color:#e1e1e1;margin-top:var(--wp--preset--spacing--30);margin-bottom:var(--wp--preset--spacing--30);padding-top:var(--wp--preset--spacing--30);padding-right:var(--wp--preset--spacing--30);padding-bottom:var(--wp--preset--spacing--30);padding-left:var(--wp--preset--spacing--30)\"><summary><strong>EFECTOS DEL SILENCIO ADMINISTRATIVO<\/strong><\/summary>\n<p>Transcurrido el plazo establecido sin haber notificado o publicado la resoluci\u00f3n, las entidades interesadas podr\u00e1n entender desestimada su solicitud por silencio administrativo.<\/p>\n<\/details>\n","protected":false},"excerpt":{"rendered":"<p>DFG &#8211; MEDIO AMBIENTE &#8211; Implantaci\u00f3n en municipios de menos de 10.000 habitantes de instalaciones solares fotovoltaicas en cubiertas municipales y\/o de propiedad privada en r\u00e9gimen de autoconsumo colectivo ligadas a comunidades energ\u00e9ticas.<\/p>\n","protected":false},"author":4,"featured_media":0,"parent":1493,"menu_order":0,"comment_status":"closed","ping_status":"closed","template":"","meta":{"footnotes":""},"class_list":["post-1473","page","type-page","status-publish","hentry"],"_links":{"self":[{"href":"https:\/\/energiabulegoa.debagoiena.eus\/es\/wp-json\/wp\/v2\/pages\/1473","targetHints":{"allow":["GET"]}}],"collection":[{"href":"https:\/\/energiabulegoa.debagoiena.eus\/es\/wp-json\/wp\/v2\/pages"}],"about":[{"href":"https:\/\/energiabulegoa.debagoiena.eus\/es\/wp-json\/wp\/v2\/types\/page"}],"author":[{"embeddable":true,"href":"https:\/\/energiabulegoa.debagoiena.eus\/es\/wp-json\/wp\/v2\/users\/4"}],"replies":[{"embeddable":true,"href":"https:\/\/energiabulegoa.debagoiena.eus\/es\/wp-json\/wp\/v2\/comments?post=1473"}],"version-history":[{"count":19,"href":"https:\/\/energiabulegoa.debagoiena.eus\/es\/wp-json\/wp\/v2\/pages\/1473\/revisions"}],"predecessor-version":[{"id":1573,"href":"https:\/\/energiabulegoa.debagoiena.eus\/es\/wp-json\/wp\/v2\/pages\/1473\/revisions\/1573"}],"up":[{"embeddable":true,"href":"https:\/\/energiabulegoa.debagoiena.eus\/es\/wp-json\/wp\/v2\/pages\/1493"}],"wp:attachment":[{"href":"https:\/\/energiabulegoa.debagoiena.eus\/es\/wp-json\/wp\/v2\/media?parent=1473"}],"curies":[{"name":"wp","href":"https:\/\/api.w.org\/{rel}","templated":true}]}}