{"id":199,"date":"2023-11-02T11:46:01","date_gmt":"2023-11-02T10:46:01","guid":{"rendered":"https:\/\/energiabulegoa.o\u00f1ati.eus\/oficina-de-asesoramiento\/oficina-de-asesoramiento\/"},"modified":"2026-04-28T10:01:50","modified_gmt":"2026-04-28T09:01:50","slug":"oficina-de-asesoramiento","status":"publish","type":"page","link":"https:\/\/energiabulegoa.debagoiena.eus\/es\/energia-bulegoa\/oficina-de-asesoramiento\/oficina-de-asesoramiento\/","title":{"rendered":"OFICINAS PRESENCIALES"},"content":{"rendered":"\n<p class=\"has-medium-font-size\">En adelante, la oficina dar\u00e1 servicio quincenal. <\/p>\n\n\n\n<p class=\"has-medium-font-size\">De todas formas, se podr\u00e1 adaptar el horario.<strong> Llama y pide cita<\/strong>: 747 485 147<\/p>\n\n\n\n<p class=\"has-medium-font-size\">Este es el calendario de MAYO<\/p>\n\n\n\n<figure class=\"wp-block-image size-full\"><img loading=\"lazy\" decoding=\"async\" width=\"960\" height=\"720\" src=\"https:\/\/energiabulegoa.debagoiena.eus\/wp-content\/uploads\/2026\/04\/Mayo.jpg\" alt=\"\" class=\"wp-image-2413\" srcset=\"https:\/\/energiabulegoa.debagoiena.eus\/wp-content\/uploads\/2026\/04\/Mayo.jpg 960w, https:\/\/energiabulegoa.debagoiena.eus\/wp-content\/uploads\/2026\/04\/Mayo-300x225.jpg 300w, https:\/\/energiabulegoa.debagoiena.eus\/wp-content\/uploads\/2026\/04\/Mayo-768x576.jpg 768w\" sizes=\"auto, (max-width: 960px) 100vw, 960px\" \/><\/figure>\n\n\n\n<h2 class=\"wp-block-heading\">Nuevo horario: de Octubre a Mayo<\/h2>\n\n\n\n<div class=\"wp-block-group alignwide has-tertiary-background-color has-background has-global-padding is-layout-constrained wp-container-core-group-is-layout-80fb368b wp-block-group-is-layout-constrained\" style=\"padding-top:var(--wp--preset--spacing--30);padding-right:var(--wp--preset--spacing--30);padding-bottom:var(--wp--preset--spacing--30);padding-left:var(--wp--preset--spacing--30)\">\n<h2 class=\"wp-block-heading\">Semana Impar<\/h2>\n\n\n\n<figure class=\"wp-block-table is-style-stripes\"><table class=\"has-background-background-color has-background\"><thead><tr><th class=\"has-text-align-center\" data-align=\"center\">Horario<\/th><th class=\"has-text-align-center\" data-align=\"center\">Lunes<\/th><th class=\"has-text-align-center\" data-align=\"center\">Marte<\/th><th class=\"has-text-align-center\" data-align=\"center\">Mi\u00e9rcoles<\/th><th class=\"has-text-align-center\" data-align=\"center\">Jueves<\/th><th>Viernes<\/th><\/tr><\/thead><tbody><tr><td class=\"has-text-align-center\" data-align=\"center\">9:00-12:30<\/td><td class=\"has-text-align-center\" data-align=\"center\">***<\/td><td class=\"has-text-align-center\" data-align=\"center\">Aretxabaleta<\/td><td class=\"has-text-align-center\" data-align=\"center\"><\/td><td class=\"has-text-align-center\" data-align=\"center\"><\/td><td>Antzuola<\/td><\/tr><tr><td class=\"has-text-align-center\" data-align=\"center\">14:30-17:00<\/td><td class=\"has-text-align-center\" data-align=\"center\"><\/td><td class=\"has-text-align-center\" data-align=\"center\">Arrasate<\/td><td class=\"has-text-align-center\" data-align=\"center\"><\/td><td class=\"has-text-align-center\" data-align=\"center\">Bergara<\/td><td><\/td><\/tr><\/tbody><\/table><\/figure>\n\n\n\n<p><em><mark style=\"background-color:rgba(0, 0, 0, 0)\" class=\"has-inline-color has-primary-color\">*** Una vez al mes el servicio atender\u00e1 en Leintz Gatzaga. <\/mark><\/em><\/p>\n\n\n\n<p><em><mark style=\"background-color:rgba(0, 0, 0, 0)\" class=\"has-inline-color has-primary-color\">Llamar para coger cita: 787 485 147 <\/mark><\/em><\/p>\n\n\n\n<h2 class=\"wp-block-heading\">Semana Par<\/h2>\n\n\n\n<figure class=\"wp-block-table is-style-stripes\"><table class=\"has-background-background-color has-background\"><thead><tr><th class=\"has-text-align-center\" data-align=\"center\">Horario<\/th><th class=\"has-text-align-center\" data-align=\"center\">Lunes<\/th><th class=\"has-text-align-center\" data-align=\"center\">Martes<\/th><th class=\"has-text-align-center\" data-align=\"center\">Mi\u00e9rcoles<\/th><th class=\"has-text-align-center\" data-align=\"center\">Jueves<\/th><th class=\"has-text-align-center\" data-align=\"center\">Viernes<\/th><\/tr><\/thead><tbody><tr><td class=\"has-text-align-center\" data-align=\"center\">9:00-12:30<\/td><td class=\"has-text-align-center\" data-align=\"center\">Eskoriatza<\/td><td class=\"has-text-align-center\" data-align=\"center\">Arrasate<\/td><td class=\"has-text-align-center\" data-align=\"center\">O\u00f1ati<\/td><td class=\"has-text-align-center\" data-align=\"center\">Elgeta<\/td><td class=\"has-text-align-center\" data-align=\"center\"><\/td><\/tr><tr><td class=\"has-text-align-center\" data-align=\"center\">14:30-17:00<\/td><td class=\"has-text-align-center\" data-align=\"center\"><\/td><td class=\"has-text-align-center\" data-align=\"center\">Arrasate<\/td><td class=\"has-text-align-center\" data-align=\"center\"><\/td><td class=\"has-text-align-center\" data-align=\"center\">Bergara<\/td><td class=\"has-text-align-center\" data-align=\"center\"><\/td><\/tr><\/tbody><\/table><\/figure>\n<\/div>\n\n\n\n<div class=\"wp-block-group has-global-padding is-layout-constrained wp-container-core-group-is-layout-19e250f3 wp-block-group-is-layout-constrained\">\n<div class=\"wp-block-group is-nowrap is-layout-flex wp-container-core-group-is-layout-fc054d2d wp-block-group-is-layout-flex\">\n<p><strong>Tel\u00e9fono:<\/strong><\/p>\n\n\n\n<p><a href=\"tel:747485147\"><strong>747 48 51 47<\/strong><\/a><\/p>\n<\/div>\n\n\n\n<div class=\"wp-block-group is-nowrap is-layout-flex wp-container-core-group-is-layout-fc054d2d wp-block-group-is-layout-flex\">\n<p><strong>Email:<\/strong><\/p>\n\n\n\n<p><a href=\"mailto:energiabulegoa@debagoiena.eus\"><strong>energiabulegoa@debagoiena.eus<\/strong><\/a><\/p>\n<\/div>\n<\/div>\n\n\n\n<h2 class=\"wp-block-heading has-text-align-center\">Informaci\u00f3n \u00fatil en las oficinas locales<\/h2>\n\n\n\n<figure class=\"wp-block-gallery aligncenter has-nested-images columns-4 wp-block-gallery-1 is-layout-flex wp-block-gallery-is-layout-flex\">\n<figure class=\"wp-block-image size-full has-custom-border\"><img loading=\"lazy\" decoding=\"async\" width=\"995\" height=\"495\" data-id=\"2154\" src=\"https:\/\/energiabulegoa.debagoiena.eus\/wp-content\/uploads\/2025\/05\/Antzuolako-Energia-bulegoa-3.jpg\" alt=\"Antzuolako-Energia-bulegoa\" class=\"has-border-color has-tertiary-border-color wp-image-2154\" style=\"border-width:10px\" srcset=\"https:\/\/energiabulegoa.debagoiena.eus\/wp-content\/uploads\/2025\/05\/Antzuolako-Energia-bulegoa-3.jpg 995w, https:\/\/energiabulegoa.debagoiena.eus\/wp-content\/uploads\/2025\/05\/Antzuolako-Energia-bulegoa-3-300x149.jpg 300w, https:\/\/energiabulegoa.debagoiena.eus\/wp-content\/uploads\/2025\/05\/Antzuolako-Energia-bulegoa-3-768x382.jpg 768w\" sizes=\"auto, (max-width: 995px) 100vw, 995px\" \/><figcaption class=\"wp-element-caption\">Antzuola. Herriko plaza 8 (Udaletxea)<\/figcaption><\/figure>\n\n\n\n<figure class=\"wp-block-image size-large has-custom-border\"><img loading=\"lazy\" decoding=\"async\" width=\"995\" height=\"495\" data-id=\"2168\" src=\"https:\/\/energiabulegoa.debagoiena.eus\/wp-content\/uploads\/2025\/05\/Atxabalta-kanpotik-eta-barrutik-aldatzeko.jpg\" alt=\"\" class=\"has-border-color has-tertiary-border-color wp-image-2168\" style=\"border-width:10px\" srcset=\"https:\/\/energiabulegoa.debagoiena.eus\/wp-content\/uploads\/2025\/05\/Atxabalta-kanpotik-eta-barrutik-aldatzeko.jpg 995w, https:\/\/energiabulegoa.debagoiena.eus\/wp-content\/uploads\/2025\/05\/Atxabalta-kanpotik-eta-barrutik-aldatzeko-300x149.jpg 300w, https:\/\/energiabulegoa.debagoiena.eus\/wp-content\/uploads\/2025\/05\/Atxabalta-kanpotik-eta-barrutik-aldatzeko-768x382.jpg 768w\" sizes=\"auto, (max-width: 995px) 100vw, 995px\" \/><figcaption class=\"wp-element-caption\">Aretxabaleta.           Durana kalea 13<\/figcaption><\/figure>\n\n\n\n<figure class=\"wp-block-image size-full has-custom-border\"><img loading=\"lazy\" decoding=\"async\" width=\"995\" height=\"495\" data-id=\"2184\" src=\"https:\/\/energiabulegoa.debagoiena.eus\/wp-content\/uploads\/2025\/05\/Arrasateko-Energia-bulegoa-1.jpg\" alt=\"Arrasateko-Energia-bulegoa\" class=\"has-border-color has-tertiary-border-color wp-image-2184\" style=\"border-width:10px\" srcset=\"https:\/\/energiabulegoa.debagoiena.eus\/wp-content\/uploads\/2025\/05\/Arrasateko-Energia-bulegoa-1.jpg 995w, https:\/\/energiabulegoa.debagoiena.eus\/wp-content\/uploads\/2025\/05\/Arrasateko-Energia-bulegoa-1-300x149.jpg 300w, https:\/\/energiabulegoa.debagoiena.eus\/wp-content\/uploads\/2025\/05\/Arrasateko-Energia-bulegoa-1-768x382.jpg 768w\" sizes=\"auto, (max-width: 995px) 100vw, 995px\" \/><figcaption class=\"wp-element-caption\">Arrasate. Nafarroa etorbidea 17. (Mankomunitatea)<\/figcaption><\/figure>\n\n\n\n<figure class=\"wp-block-image size-large has-custom-border\"><img loading=\"lazy\" decoding=\"async\" width=\"995\" height=\"495\" data-id=\"2170\" src=\"https:\/\/energiabulegoa.debagoiena.eus\/wp-content\/uploads\/2025\/05\/Bergara-kanpotik-eta-barrutik-aldatzeko.jpg\" alt=\"\" class=\"has-border-color has-tertiary-border-color wp-image-2170\" style=\"border-width:10px\" srcset=\"https:\/\/energiabulegoa.debagoiena.eus\/wp-content\/uploads\/2025\/05\/Bergara-kanpotik-eta-barrutik-aldatzeko.jpg 995w, https:\/\/energiabulegoa.debagoiena.eus\/wp-content\/uploads\/2025\/05\/Bergara-kanpotik-eta-barrutik-aldatzeko-300x149.jpg 300w, https:\/\/energiabulegoa.debagoiena.eus\/wp-content\/uploads\/2025\/05\/Bergara-kanpotik-eta-barrutik-aldatzeko-768x382.jpg 768w\" sizes=\"auto, (max-width: 995px) 100vw, 995px\" \/><figcaption class=\"wp-element-caption\">Bergara. San Martin plaza (Udaletxea)<\/figcaption><\/figure>\n\n\n\n<figure class=\"wp-block-image aligncenter size-full has-custom-border\"><img loading=\"lazy\" decoding=\"async\" width=\"995\" height=\"495\" data-id=\"2158\" src=\"https:\/\/energiabulegoa.debagoiena.eus\/wp-content\/uploads\/2025\/05\/Elgetako-Energia-bulegoa-3.jpg\" alt=\"Elgetako-Energia-bulegoa\" class=\"has-border-color has-tertiary-border-color wp-image-2158\" style=\"border-width:10px\" srcset=\"https:\/\/energiabulegoa.debagoiena.eus\/wp-content\/uploads\/2025\/05\/Elgetako-Energia-bulegoa-3.jpg 995w, https:\/\/energiabulegoa.debagoiena.eus\/wp-content\/uploads\/2025\/05\/Elgetako-Energia-bulegoa-3-300x149.jpg 300w, https:\/\/energiabulegoa.debagoiena.eus\/wp-content\/uploads\/2025\/05\/Elgetako-Energia-bulegoa-3-768x382.jpg 768w\" sizes=\"auto, (max-width: 995px) 100vw, 995px\" \/><figcaption class=\"wp-element-caption\">Elgeta. Mendizaleen plaza (Udaletxea)<\/figcaption><\/figure>\n\n\n\n<figure class=\"wp-block-image size-large has-custom-border\"><img loading=\"lazy\" decoding=\"async\" width=\"995\" height=\"495\" data-id=\"2161\" src=\"https:\/\/energiabulegoa.debagoiena.eus\/wp-content\/uploads\/2025\/05\/Eskoriatzako-Energia-bulegoa.jpg\" alt=\"Eskoriatzako-Energia-bulegoa\" class=\"has-border-color has-tertiary-border-color wp-image-2161\" style=\"border-width:10px\" srcset=\"https:\/\/energiabulegoa.debagoiena.eus\/wp-content\/uploads\/2025\/05\/Eskoriatzako-Energia-bulegoa.jpg 995w, https:\/\/energiabulegoa.debagoiena.eus\/wp-content\/uploads\/2025\/05\/Eskoriatzako-Energia-bulegoa-300x149.jpg 300w, https:\/\/energiabulegoa.debagoiena.eus\/wp-content\/uploads\/2025\/05\/Eskoriatzako-Energia-bulegoa-768x382.jpg 768w\" sizes=\"auto, (max-width: 995px) 100vw, 995px\" \/><figcaption class=\"wp-element-caption\">Eskoriatza. Fernando Eskoriatza plaza (Udaletxea)<\/figcaption><\/figure>\n\n\n\n<figure class=\"wp-block-image size-full has-custom-border\"><img loading=\"lazy\" decoding=\"async\" width=\"995\" height=\"495\" data-id=\"2222\" src=\"https:\/\/energiabulegoa.debagoiena.eus\/wp-content\/uploads\/2025\/05\/Leintz-Gatzagako.jpg-Energia-bulegoa.jpg\" alt=\"Leintz-Gatzagako-Energia-bulegoa.jpg\" class=\"has-border-color has-tertiary-border-color wp-image-2222\" style=\"border-width:10px\" srcset=\"https:\/\/energiabulegoa.debagoiena.eus\/wp-content\/uploads\/2025\/05\/Leintz-Gatzagako.jpg-Energia-bulegoa.jpg 995w, https:\/\/energiabulegoa.debagoiena.eus\/wp-content\/uploads\/2025\/05\/Leintz-Gatzagako.jpg-Energia-bulegoa-300x149.jpg 300w, https:\/\/energiabulegoa.debagoiena.eus\/wp-content\/uploads\/2025\/05\/Leintz-Gatzagako.jpg-Energia-bulegoa-768x382.jpg 768w\" sizes=\"auto, (max-width: 995px) 100vw, 995px\" \/><figcaption class=\"wp-element-caption\">Leintz Gatzaga.              San Miguel plaza (Udaletxea)<\/figcaption><\/figure>\n\n\n\n<figure class=\"wp-block-image size-large has-custom-border\"><img loading=\"lazy\" decoding=\"async\" width=\"995\" height=\"495\" data-id=\"2165\" src=\"https:\/\/energiabulegoa.debagoiena.eus\/wp-content\/uploads\/2025\/05\/Onati-kanpotik-eta-barrutik-aldatzeko.jpg\" alt=\"\" class=\"has-border-color has-tertiary-border-color wp-image-2165\" style=\"border-width:10px\" srcset=\"https:\/\/energiabulegoa.debagoiena.eus\/wp-content\/uploads\/2025\/05\/Onati-kanpotik-eta-barrutik-aldatzeko.jpg 995w, https:\/\/energiabulegoa.debagoiena.eus\/wp-content\/uploads\/2025\/05\/Onati-kanpotik-eta-barrutik-aldatzeko-300x149.jpg 300w, https:\/\/energiabulegoa.debagoiena.eus\/wp-content\/uploads\/2025\/05\/Onati-kanpotik-eta-barrutik-aldatzeko-768x382.jpg 768w\" sizes=\"auto, (max-width: 995px) 100vw, 995px\" \/><figcaption class=\"wp-element-caption\">O\u00f1ati. Bidebarrieta 24. <\/figcaption><\/figure>\n<\/figure>\n\n\n\n<div class=\"wp-block-group has-global-padding is-layout-constrained wp-block-group-is-layout-constrained\">\n<p>El objetivo de esta Oficina de Asesoramiento es resolver a la ciudadan\u00eda sus dudas sobre el consumo de energ\u00eda y gas, exponer las posibilidades existentes en el mercado y, en general, asesorarle directamente en temas relacionados con la energ\u00eda. En la oficina se prestar\u00e1n los siguientes servicios:<\/p>\n\n\n\n<ul class=\"wp-block-list\">\n<li>Explicar y dar a entender la informaci\u00f3n que aparece en las facturas de electricidad y gas para conseguir la optimizaci\u00f3n de las mismas.<\/li>\n\n\n\n<li>Informar sobre las oportunidades existentes en el mercado regulado y libre.<\/li>\n\n\n\n<li>An\u00e1lisis de la potencia \u00f3ptima de cada suministro a partir de datos hist\u00f3ricos.<\/li>\n\n\n\n<li>Aportar informaci\u00f3n sobre las energ\u00edas renovables que se pueden instalar en las vivendas.<\/li>\n\n\n\n<li>Asesorar en materia de rehabilitaci\u00f3n energ\u00e9tica de la vivienda.<\/li>\n\n\n\n<li>An\u00e1lisis de las posibilidades de obtenci\u00f3n de ayudas econ\u00f3micas (bonos sociales, AES y dem\u00e1s).<\/li>\n<\/ul>\n<\/div>\n","protected":false},"excerpt":{"rendered":"<p>En adelante, la oficina dar\u00e1 servicio quincenal. De todas formas, se podr\u00e1 adaptar el horario. Llama y pide cita: 747 485 147 Este es el calendario de MAYO Nuevo horario: de Octubre a Mayo Semana Impar Horario Lunes Marte Mi\u00e9rcoles Jueves Viernes 9:00-12:30 *** Aretxabaleta Antzuola 14:30-17:00 Arrasate Bergara *** Una vez al mes el [&hellip;]<\/p>\n","protected":false},"author":1,"featured_media":0,"parent":190,"menu_order":0,"comment_status":"closed","ping_status":"closed","template":"","meta":{"footnotes":""},"class_list":["post-199","page","type-page","status-publish","hentry"],"_links":{"self":[{"href":"https:\/\/energiabulegoa.debagoiena.eus\/es\/wp-json\/wp\/v2\/pages\/199","targetHints":{"allow":["GET"]}}],"collection":[{"href":"https:\/\/energiabulegoa.debagoiena.eus\/es\/wp-json\/wp\/v2\/pages"}],"about":[{"href":"https:\/\/energiabulegoa.debagoiena.eus\/es\/wp-json\/wp\/v2\/types\/page"}],"author":[{"embeddable":true,"href":"https:\/\/energiabulegoa.debagoiena.eus\/es\/wp-json\/wp\/v2\/users\/1"}],"replies":[{"embeddable":true,"href":"https:\/\/energiabulegoa.debagoiena.eus\/es\/wp-json\/wp\/v2\/comments?post=199"}],"version-history":[{"count":26,"href":"https:\/\/energiabulegoa.debagoiena.eus\/es\/wp-json\/wp\/v2\/pages\/199\/revisions"}],"predecessor-version":[{"id":2422,"href":"https:\/\/energiabulegoa.debagoiena.eus\/es\/wp-json\/wp\/v2\/pages\/199\/revisions\/2422"}],"up":[{"embeddable":true,"href":"https:\/\/energiabulegoa.debagoiena.eus\/es\/wp-json\/wp\/v2\/pages\/190"}],"wp:attachment":[{"href":"https:\/\/energiabulegoa.debagoiena.eus\/es\/wp-json\/wp\/v2\/media?parent=199"}],"curies":[{"name":"wp","href":"https:\/\/api.w.org\/{rel}","templated":true}]}}